{"id":1426,"date":"2025-03-25T16:38:46","date_gmt":"2025-03-25T16:38:46","guid":{"rendered":"https:\/\/odontoiatriareali.it\/?page_id=1426"},"modified":"2025-09-09T08:50:14","modified_gmt":"2025-09-09T08:50:14","slug":"igiene-orale","status":"publish","type":"page","link":"https:\/\/odontoiatriareali.it\/?page_id=1426","title":{"rendered":"igiene Orale"},"content":{"rendered":"\t\t<div data-elementor-type=\"wp-page\" data-elementor-id=\"1426\" class=\"elementor elementor-1426\" data-elementor-post-type=\"page\">\n\t\t\t\t<div class=\"elementor-element elementor-element-d6bd010 e-flex e-con-boxed wpr-particle-no wpr-jarallax-no wpr-parallax-no wpr-sticky-section-no wpr-column-slider-no wpr-equal-height-no e-con e-parent\" data-id=\"d6bd010\" data-element_type=\"container\" data-e-type=\"container\" data-settings=\"{&quot;background_background&quot;:&quot;gradient&quot;,&quot;shape_divider_bottom&quot;:&quot;waves&quot;}\">\n\t\t\t\t\t<div class=\"e-con-inner\">\n\t\t\t\t<div class=\"elementor-shape elementor-shape-bottom\" aria-hidden=\"true\" data-negative=\"false\">\n\t\t\t<svg xmlns=\"http:\/\/www.w3.org\/2000\/svg\" viewBox=\"0 0 1000 100\" preserveAspectRatio=\"none\">\n\t<path class=\"elementor-shape-fill\" d=\"M421.9,6.5c22.6-2.5,51.5,0.4,75.5,5.3c23.6,4.9,70.9,23.5,100.5,35.7c75.8,32.2,133.7,44.5,192.6,49.7\n\tc23.6,2.1,48.7,3.5,103.4-2.5c54.7-6,106.2-25.6,106.2-25.6V0H0v30.3c0,0,72,32.6,158.4,30.5c39.2-0.7,92.8-6.7,134-22.4\n\tc21.2-8.1,52.2-18.2,79.7-24.2C399.3,7.9,411.6,7.5,421.9,6.5z\"\/>\n<\/svg>\t\t<\/div>\n\t\t<div class=\"elementor-element elementor-element-cf2439a e-flex e-con-boxed wpr-particle-no wpr-jarallax-no wpr-parallax-no wpr-sticky-section-no wpr-column-slider-no wpr-equal-height-no e-con e-child\" data-id=\"cf2439a\" data-element_type=\"container\" data-e-type=\"container\">\n\t\t\t\t\t<div class=\"e-con-inner\">\n\t\t\t\t<div class=\"elementor-element elementor-element-c82687a elementor-widget elementor-widget-heading\" data-id=\"c82687a\" data-element_type=\"widget\" data-e-type=\"widget\" data-widget_type=\"heading.default\">\n\t\t\t\t\t<h2 class=\"elementor-heading-title elementor-size-default\">Igiene Orale<\/h2>\t\t\t\t<\/div>\n\t\t\t\t<div class=\"elementor-element elementor-element-2c8a801 elementor-widget elementor-widget-heading\" data-id=\"2c8a801\" data-element_type=\"widget\" data-e-type=\"widget\" data-widget_type=\"heading.default\">\n\t\t\t\t\t<h2 class=\"elementor-heading-title elementor-size-default\">La prevenzione inizia da una bocca pulita e sana.\n<\/h2>\t\t\t\t<\/div>\n\t\t\t\t\t<\/div>\n\t\t\t\t<\/div>\n\t\t\t\t\t<\/div>\n\t\t\t\t<\/div>\n\t\t<div class=\"elementor-element elementor-element-64c9750 e-flex e-con-boxed wpr-particle-no wpr-jarallax-no wpr-parallax-no wpr-sticky-section-no wpr-column-slider-no wpr-equal-height-no e-con e-parent\" data-id=\"64c9750\" data-element_type=\"container\" data-e-type=\"container\">\n\t\t\t\t\t<div class=\"e-con-inner\">\n\t\t<div class=\"elementor-element elementor-element-3a4849c e-flex e-con-boxed wpr-particle-no wpr-jarallax-no wpr-parallax-no wpr-sticky-section-no wpr-column-slider-no wpr-equal-height-no elementor-invisible e-con e-child\" data-id=\"3a4849c\" data-element_type=\"container\" data-e-type=\"container\" data-settings=\"{&quot;animation&quot;:&quot;slideInLeft&quot;}\">\n\t\t\t\t\t<div class=\"e-con-inner\">\n\t\t\t\t<div class=\"elementor-element elementor-element-b6a78b3 elementor-widget elementor-widget-heading\" data-id=\"b6a78b3\" data-element_type=\"widget\" data-e-type=\"widget\" data-widget_type=\"heading.default\">\n\t\t\t\t\t<h2 class=\"elementor-heading-title elementor-size-default\">trattamento<\/h2>\t\t\t\t<\/div>\n\t\t\t\t<div class=\"elementor-element elementor-element-0cc5b10 elementor-widget elementor-widget-heading\" data-id=\"0cc5b10\" data-element_type=\"widget\" data-e-type=\"widget\" data-widget_type=\"heading.default\">\n\t\t\t\t\t<h2 class=\"elementor-heading-title elementor-size-default\">In cosa consiste<\/h2>\t\t\t\t<\/div>\n\t\t\t\t<div class=\"elementor-element elementor-element-da712ac elementor-invisible elementor-widget elementor-widget-text-editor\" data-id=\"da712ac\" data-element_type=\"widget\" data-e-type=\"widget\" data-settings=\"{&quot;_animation&quot;:&quot;zoomIn&quot;,&quot;_animation_delay&quot;:200}\" data-widget_type=\"text-editor.default\">\n\t\t\t\t\t\t\t\t\t<div class=\"et_pb_row et_pb_row_6 et_pb_equal_columns et_pb_gutters1\"><div class=\"et_pb_column et_pb_column_1_2 et_pb_column_11 et_pb_css_mix_blend_mode_passthrough et-last-child\"><div class=\"et_pb_module et_pb_text et_pb_text_8 et_pb_text_align_left et_pb_bg_layout_light\"><div class=\"et_pb_text_inner\"><p class=\"p1\">L\u2019igiene dentale comprende tutte le procedure per rimuovere placca e tartaro, controllare il biofilm batterico e prevenire carie e malattie gengivali. \u00c8 il cardine dell\u2019odontoiatria responsabile: trattiamo e preveniamo proponendo solo ci\u00f2 che \u00e8 davvero necessario.<\/p><\/div><\/div><\/div><\/div>\t\t\t\t\t\t\t\t<\/div>\n\t\t\t\t\t<\/div>\n\t\t\t\t<\/div>\n\t\t<div class=\"elementor-element elementor-element-c87f1f1 e-flex e-con-boxed wpr-particle-no wpr-jarallax-no wpr-parallax-no wpr-sticky-section-no wpr-column-slider-no wpr-equal-height-no elementor-invisible e-con e-child\" data-id=\"c87f1f1\" data-element_type=\"container\" data-e-type=\"container\" data-settings=\"{&quot;animation&quot;:&quot;slideInRight&quot;}\">\n\t\t\t\t\t<div class=\"e-con-inner\">\n\t\t\t\t<div class=\"elementor-element elementor-element-17375b7 elementor-widget elementor-widget-image\" data-id=\"17375b7\" data-element_type=\"widget\" data-e-type=\"widget\" data-widget_type=\"image.default\">\n\t\t\t\t\t\t\t\t\t\t\t\t\t\t\t<img fetchpriority=\"high\" decoding=\"async\" width=\"960\" height=\"640\" src=\"https:\/\/odontoiatriareali.it\/wp-content\/uploads\/2025\/09\/igiene-orale-denti-1024x683.jpg\" class=\"attachment-large size-large wp-image-2172\" alt=\"\" srcset=\"https:\/\/odontoiatriareali.it\/wp-content\/uploads\/2025\/09\/igiene-orale-denti-1024x683.jpg 1024w, https:\/\/odontoiatriareali.it\/wp-content\/uploads\/2025\/09\/igiene-orale-denti-300x200.jpg 300w, https:\/\/odontoiatriareali.it\/wp-content\/uploads\/2025\/09\/igiene-orale-denti-768x512.jpg 768w, https:\/\/odontoiatriareali.it\/wp-content\/uploads\/2025\/09\/igiene-orale-denti-1536x1024.jpg 1536w, https:\/\/odontoiatriareali.it\/wp-content\/uploads\/2025\/09\/igiene-orale-denti.jpg 1920w\" sizes=\"(max-width: 960px) 100vw, 960px\" \/>\t\t\t\t\t\t\t\t\t\t\t\t\t\t\t<\/div>\n\t\t\t\t\t<\/div>\n\t\t\t\t<\/div>\n\t\t\t\t\t<\/div>\n\t\t\t\t<\/div>\n\t\t<div class=\"elementor-element elementor-element-bad819e e-flex e-con-boxed wpr-particle-no wpr-jarallax-no wpr-parallax-no wpr-sticky-section-no wpr-column-slider-no wpr-equal-height-no e-con e-parent\" data-id=\"bad819e\" data-element_type=\"container\" data-e-type=\"container\">\n\t\t\t\t\t<div class=\"e-con-inner\">\n\t\t<div class=\"elementor-element elementor-element-c69e54f e-flex e-con-boxed wpr-particle-no wpr-jarallax-no wpr-parallax-no wpr-sticky-section-no wpr-column-slider-no wpr-equal-height-no elementor-invisible e-con e-child\" data-id=\"c69e54f\" data-element_type=\"container\" data-e-type=\"container\" data-settings=\"{&quot;animation&quot;:&quot;slideInLeft&quot;}\">\n\t\t\t\t\t<div class=\"e-con-inner\">\n\t\t\t\t<div class=\"elementor-element elementor-element-f9e58d0 elementor-widget elementor-widget-image\" data-id=\"f9e58d0\" data-element_type=\"widget\" data-e-type=\"widget\" data-widget_type=\"image.default\">\n\t\t\t\t\t\t\t\t\t\t\t\t\t\t\t<img decoding=\"async\" width=\"1920\" height=\"1647\" src=\"https:\/\/odontoiatriareali.it\/wp-content\/uploads\/2025\/09\/igiene-reali.jpg\" class=\"attachment-full size-full wp-image-2174\" alt=\"\" srcset=\"https:\/\/odontoiatriareali.it\/wp-content\/uploads\/2025\/09\/igiene-reali.jpg 1920w, https:\/\/odontoiatriareali.it\/wp-content\/uploads\/2025\/09\/igiene-reali-300x257.jpg 300w, https:\/\/odontoiatriareali.it\/wp-content\/uploads\/2025\/09\/igiene-reali-1024x878.jpg 1024w, https:\/\/odontoiatriareali.it\/wp-content\/uploads\/2025\/09\/igiene-reali-768x659.jpg 768w, https:\/\/odontoiatriareali.it\/wp-content\/uploads\/2025\/09\/igiene-reali-1536x1318.jpg 1536w\" sizes=\"(max-width: 1920px) 100vw, 1920px\" \/>\t\t\t\t\t\t\t\t\t\t\t\t\t\t\t<\/div>\n\t\t\t\t\t<\/div>\n\t\t\t\t<\/div>\n\t\t<div class=\"elementor-element elementor-element-f97a3f8 e-flex e-con-boxed wpr-particle-no wpr-jarallax-no wpr-parallax-no wpr-sticky-section-no wpr-column-slider-no wpr-equal-height-no elementor-invisible e-con e-child\" data-id=\"f97a3f8\" data-element_type=\"container\" data-e-type=\"container\" data-settings=\"{&quot;animation&quot;:&quot;slideInLeft&quot;}\">\n\t\t\t\t\t<div class=\"e-con-inner\">\n\t\t\t\t<div class=\"elementor-element elementor-element-dd61709 elementor-widget elementor-widget-heading\" data-id=\"dd61709\" data-element_type=\"widget\" data-e-type=\"widget\" data-widget_type=\"heading.default\">\n\t\t\t\t\t<h2 class=\"elementor-heading-title elementor-size-default\">trattamento<\/h2>\t\t\t\t<\/div>\n\t\t\t\t<div class=\"elementor-element elementor-element-0e016ea elementor-widget elementor-widget-heading\" data-id=\"0e016ea\" data-element_type=\"widget\" data-e-type=\"widget\" data-widget_type=\"heading.default\">\n\t\t\t\t\t<h2 class=\"elementor-heading-title elementor-size-default\">Cosa facciamo<\/h2>\t\t\t\t<\/div>\n\t\t\t\t<div class=\"elementor-element elementor-element-2194e6c elementor-invisible elementor-widget elementor-widget-text-editor\" data-id=\"2194e6c\" data-element_type=\"widget\" data-e-type=\"widget\" data-settings=\"{&quot;_animation&quot;:&quot;zoomIn&quot;,&quot;_animation_delay&quot;:200}\" data-widget_type=\"text-editor.default\">\n\t\t\t\t\t\t\t\t\t<div class=\"et_pb_row et_pb_row_6 et_pb_equal_columns et_pb_gutters1\"><div class=\"et_pb_column et_pb_column_1_2 et_pb_column_11 et_pb_css_mix_blend_mode_passthrough et-last-child\"><div class=\"et_pb_module et_pb_text et_pb_text_8 et_pb_text_align_left et_pb_bg_layout_light\"><div class=\"et_pb_text_inner\"><p class=\"p2\">\u25cf <b>Visita igienistica e screening gengivale <\/b>Valutazione di sanguinamento, profondit\u00e0 di sondaggio, indici di placca e tartaro, <b>PSR\/periodontal screening <\/b>quando indicato.<\/p><p class=\"p2\">\u25cf <b>Detartrasi (scaling) e debridement <\/b>Rimozione professionale di tartaro sopra e, nei casi indicati, <b>sotto gengiva <\/b>con ultrasuoni e strumenti manuali.<\/p><p class=\"p2\">\u25cf <b>Rimozione del biofilm \/ Air polishing <\/b>Pulizia con polveri specifiche per macchie e placca, <b>delicata su smalto e tessuti<\/b>.<\/p><p class=\"p2\">\u25cf <b>Istruzioni di igiene personalizzate <\/b>Scelta di spazzolino\/manico, <b>tecniche di spazzolamento<\/b>, filo\/interdentali, collutori: piano su misura e materiali consigliati.<\/p><p class=\"p2\">\u25cf <b>Desensibilizzazione <\/b>Trattamenti mirati per <b>denti sensibili <\/b>dovuti a recessioni o erosioni.<\/p><p class=\"p2\">\u25cf <b>Terapia di mantenimento parodontale <\/b>Richiami programmati nei pazienti con precedente malattia parodontale.<\/p><\/div><\/div><\/div><\/div>\t\t\t\t\t\t\t\t<\/div>\n\t\t\t\t\t<\/div>\n\t\t\t\t<\/div>\n\t\t\t\t\t<\/div>\n\t\t\t\t<\/div>\n\t\t<div class=\"elementor-element elementor-element-ba64a26 e-flex e-con-boxed wpr-particle-no wpr-jarallax-no wpr-parallax-no wpr-sticky-section-no wpr-column-slider-no wpr-equal-height-no e-con e-parent\" data-id=\"ba64a26\" data-element_type=\"container\" data-e-type=\"container\">\n\t\t\t\t\t<div class=\"e-con-inner\">\n\t\t<div class=\"elementor-element elementor-element-a4422a5 e-flex e-con-boxed wpr-particle-no wpr-jarallax-no wpr-parallax-no wpr-sticky-section-no wpr-column-slider-no wpr-equal-height-no elementor-invisible e-con e-child\" data-id=\"a4422a5\" data-element_type=\"container\" data-e-type=\"container\" data-settings=\"{&quot;animation&quot;:&quot;slideInLeft&quot;}\">\n\t\t\t\t\t<div class=\"e-con-inner\">\n\t\t\t\t<div class=\"elementor-element elementor-element-b20d295 elementor-widget elementor-widget-heading\" data-id=\"b20d295\" data-element_type=\"widget\" data-e-type=\"widget\" data-widget_type=\"heading.default\">\n\t\t\t\t\t<h2 class=\"elementor-heading-title elementor-size-default\">trattamento<\/h2>\t\t\t\t<\/div>\n\t\t\t\t<div class=\"elementor-element elementor-element-1077c60 elementor-widget elementor-widget-heading\" data-id=\"1077c60\" data-element_type=\"widget\" data-e-type=\"widget\" data-widget_type=\"heading.default\">\n\t\t\t\t\t<h2 class=\"elementor-heading-title elementor-size-default\">Quanto spesso tornare<\/h2>\t\t\t\t<\/div>\n\t\t\t\t<div class=\"elementor-element elementor-element-72463da elementor-invisible elementor-widget elementor-widget-text-editor\" data-id=\"72463da\" data-element_type=\"widget\" data-e-type=\"widget\" data-settings=\"{&quot;_animation&quot;:&quot;zoomIn&quot;,&quot;_animation_delay&quot;:200}\" data-widget_type=\"text-editor.default\">\n\t\t\t\t\t\t\t\t\t<div class=\"et_pb_row et_pb_row_6 et_pb_equal_columns et_pb_gutters1\"><div class=\"et_pb_column et_pb_column_1_2 et_pb_column_11 et_pb_css_mix_blend_mode_passthrough et-last-child\"><div class=\"et_pb_module et_pb_text et_pb_text_8 et_pb_text_align_left et_pb_bg_layout_light\"><div class=\"et_pb_text_inner\"><p class=\"p1\">La frequenza dei richiami dipende dal <b>profilo di rischio <\/b>(igiene, fumo, parodontite, impianti, diabete\u2026): in genere ogni <b>6 mesi<\/b>, ma nei pazienti parodontali si consigliano intervalli <b>3\u20134 mesi<\/b>.<\/p><\/div><\/div><\/div><\/div>\t\t\t\t\t\t\t\t<\/div>\n\t\t\t\t\t<\/div>\n\t\t\t\t<\/div>\n\t\t<div class=\"elementor-element elementor-element-060baac e-flex e-con-boxed wpr-particle-no wpr-jarallax-no wpr-parallax-no wpr-sticky-section-no wpr-column-slider-no wpr-equal-height-no elementor-invisible e-con e-child\" data-id=\"060baac\" data-element_type=\"container\" data-e-type=\"container\" data-settings=\"{&quot;animation&quot;:&quot;slideInRight&quot;}\">\n\t\t\t\t\t<div class=\"e-con-inner\">\n\t\t\t\t<div class=\"elementor-element elementor-element-42dda86 elementor-widget elementor-widget-image\" data-id=\"42dda86\" data-element_type=\"widget\" data-e-type=\"widget\" data-widget_type=\"image.default\">\n\t\t\t\t\t\t\t\t\t\t\t\t\t\t\t<img decoding=\"async\" width=\"960\" height=\"640\" src=\"https:\/\/odontoiatriareali.it\/wp-content\/uploads\/2025\/09\/igiene-1024x683.jpg\" class=\"attachment-large size-large wp-image-2175\" alt=\"\" srcset=\"https:\/\/odontoiatriareali.it\/wp-content\/uploads\/2025\/09\/igiene-1024x683.jpg 1024w, https:\/\/odontoiatriareali.it\/wp-content\/uploads\/2025\/09\/igiene-300x200.jpg 300w, https:\/\/odontoiatriareali.it\/wp-content\/uploads\/2025\/09\/igiene-768x512.jpg 768w, https:\/\/odontoiatriareali.it\/wp-content\/uploads\/2025\/09\/igiene-1536x1024.jpg 1536w, https:\/\/odontoiatriareali.it\/wp-content\/uploads\/2025\/09\/igiene.jpg 1920w\" sizes=\"(max-width: 960px) 100vw, 960px\" \/>\t\t\t\t\t\t\t\t\t\t\t\t\t\t\t<\/div>\n\t\t\t\t\t<\/div>\n\t\t\t\t<\/div>\n\t\t\t\t\t<\/div>\n\t\t\t\t<\/div>\n\t\t<div class=\"elementor-element elementor-element-041eaa9 e-flex e-con-boxed wpr-particle-no wpr-jarallax-no wpr-parallax-no wpr-sticky-section-no wpr-column-slider-no wpr-equal-height-no e-con e-parent\" data-id=\"041eaa9\" data-element_type=\"container\" data-e-type=\"container\">\n\t\t\t\t\t<div class=\"e-con-inner\">\n\t\t<div class=\"elementor-element elementor-element-cebd0b1 e-flex e-con-boxed wpr-particle-no wpr-jarallax-no wpr-parallax-no wpr-sticky-section-no wpr-column-slider-no wpr-equal-height-no elementor-invisible e-con e-child\" data-id=\"cebd0b1\" data-element_type=\"container\" data-e-type=\"container\" data-settings=\"{&quot;animation&quot;:&quot;slideInLeft&quot;}\">\n\t\t\t\t\t<div class=\"e-con-inner\">\n\t\t\t\t<div class=\"elementor-element elementor-element-54b8b93 elementor-widget elementor-widget-image\" data-id=\"54b8b93\" data-element_type=\"widget\" data-e-type=\"widget\" data-widget_type=\"image.default\">\n\t\t\t\t\t\t\t\t\t\t\t\t\t\t\t<img loading=\"lazy\" decoding=\"async\" width=\"960\" height=\"641\" src=\"https:\/\/odontoiatriareali.it\/wp-content\/uploads\/2025\/06\/igiene-orale-1024x684.jpg\" class=\"attachment-large size-large wp-image-1634\" alt=\"\" srcset=\"https:\/\/odontoiatriareali.it\/wp-content\/uploads\/2025\/06\/igiene-orale-1024x684.jpg 1024w, https:\/\/odontoiatriareali.it\/wp-content\/uploads\/2025\/06\/igiene-orale-300x200.jpg 300w, https:\/\/odontoiatriareali.it\/wp-content\/uploads\/2025\/06\/igiene-orale-768x513.jpg 768w, https:\/\/odontoiatriareali.it\/wp-content\/uploads\/2025\/06\/igiene-orale-1536x1025.jpg 1536w, https:\/\/odontoiatriareali.it\/wp-content\/uploads\/2025\/06\/igiene-orale-2048x1367.jpg 2048w\" sizes=\"(max-width: 960px) 100vw, 960px\" \/>\t\t\t\t\t\t\t\t\t\t\t\t\t\t\t<\/div>\n\t\t\t\t\t<\/div>\n\t\t\t\t<\/div>\n\t\t<div class=\"elementor-element elementor-element-93674fa e-flex e-con-boxed wpr-particle-no wpr-jarallax-no wpr-parallax-no wpr-sticky-section-no wpr-column-slider-no wpr-equal-height-no elementor-invisible e-con e-child\" data-id=\"93674fa\" data-element_type=\"container\" data-e-type=\"container\" data-settings=\"{&quot;animation&quot;:&quot;slideInLeft&quot;}\">\n\t\t\t\t\t<div class=\"e-con-inner\">\n\t\t\t\t<div class=\"elementor-element elementor-element-ff72c8f elementor-widget elementor-widget-heading\" data-id=\"ff72c8f\" data-element_type=\"widget\" data-e-type=\"widget\" data-widget_type=\"heading.default\">\n\t\t\t\t\t<h2 class=\"elementor-heading-title elementor-size-default\">trattamento<\/h2>\t\t\t\t<\/div>\n\t\t\t\t<div class=\"elementor-element elementor-element-e4619d1 elementor-widget elementor-widget-heading\" data-id=\"e4619d1\" data-element_type=\"widget\" data-e-type=\"widget\" data-widget_type=\"heading.default\">\n\t\t\t\t\t<h2 class=\"elementor-heading-title elementor-size-default\">Guided Biofilm Therapy\u00ae (GBT\u00ae): cos\u2019\u00e8 e perch\u00e9 \u00e8 perfetta per te<\/h2>\t\t\t\t<\/div>\n\t\t\t\t<div class=\"elementor-element elementor-element-b5b9775 elementor-invisible elementor-widget elementor-widget-text-editor\" data-id=\"b5b9775\" data-element_type=\"widget\" data-e-type=\"widget\" data-settings=\"{&quot;_animation&quot;:&quot;zoomIn&quot;,&quot;_animation_delay&quot;:200}\" data-widget_type=\"text-editor.default\">\n\t\t\t\t\t\t\t\t\t<div class=\"et_pb_row et_pb_row_6 et_pb_equal_columns et_pb_gutters1\"><div class=\"et_pb_column et_pb_column_1_2 et_pb_column_11 et_pb_css_mix_blend_mode_passthrough et-last-child\"><div class=\"et_pb_module et_pb_text et_pb_text_8 et_pb_text_align_left et_pb_bg_layout_light\"><div class=\"et_pb_text_inner\"><p class=\"p1\">Una tecnica <b>indolore <\/b>e <b>minimamente invasiva <\/b>che rimuove placca e tartaro con massimo comfort, ideale per chi ha <b>sensibilit\u00e0 <\/b>o <b>gengive infiammate<\/b>.<\/p><p class=\"p1\"><b>Vantaggi principali <\/b><\/p><p class=\"p1\">\u25cf <b>Nessun dolore <\/b>percepito nella maggior parte dei pazienti;<\/p><p class=\"p1\">\u25cf <b>Minimamente invasiva<\/b>: preserva denti, gengive e impianti;<\/p><p class=\"p1\">\u25cf <b>Meno rumore<\/b>: addio all\u2019ablatore tradizionale per molte fasi;<\/p><p class=\"p1\">\u25cf <b>Compatibile con apparecchi ortodontici<\/b>: aiuta a prevenire carie e iperplasia gengivale;<\/p><p class=\"p1\">\u25cf <b>Prevenzione <\/b>di gengiviti e parodontiti;<\/p><p class=\"p1\">\u25cf Migliore <b>identificazione precoce <\/b>di carie e aree a rischio.<\/p><\/div><\/div><\/div><\/div>\t\t\t\t\t\t\t\t<\/div>\n\t\t\t\t\t<\/div>\n\t\t\t\t<\/div>\n\t\t\t\t\t<\/div>\n\t\t\t\t<\/div>\n\t\t<div class=\"elementor-element elementor-element-376f6b2 e-flex e-con-boxed wpr-particle-no wpr-jarallax-no wpr-parallax-no wpr-sticky-section-no wpr-column-slider-no wpr-equal-height-no e-con e-parent\" data-id=\"376f6b2\" data-element_type=\"container\" data-e-type=\"container\">\n\t\t\t\t\t<div class=\"e-con-inner\">\n\t\t<div class=\"elementor-element elementor-element-9df075c e-flex e-con-boxed wpr-particle-no wpr-jarallax-no wpr-parallax-no wpr-sticky-section-no wpr-column-slider-no wpr-equal-height-no elementor-invisible e-con e-child\" data-id=\"9df075c\" data-element_type=\"container\" data-e-type=\"container\" data-settings=\"{&quot;animation&quot;:&quot;slideInLeft&quot;}\">\n\t\t\t\t\t<div class=\"e-con-inner\">\n\t\t\t\t<div class=\"elementor-element elementor-element-0571bb5 elementor-widget elementor-widget-heading\" data-id=\"0571bb5\" data-element_type=\"widget\" data-e-type=\"widget\" data-widget_type=\"heading.default\">\n\t\t\t\t\t<h2 class=\"elementor-heading-title elementor-size-default\">trattamento<\/h2>\t\t\t\t<\/div>\n\t\t\t\t<div class=\"elementor-element elementor-element-0efaf32 elementor-widget elementor-widget-heading\" data-id=\"0efaf32\" data-element_type=\"widget\" data-e-type=\"widget\" data-widget_type=\"heading.default\">\n\t\t\t\t\t<h2 class=\"elementor-heading-title elementor-size-default\">Sbiancamento dentale professionale: per un sorriso ancora pi\u00f9 luminoso<\/h2>\t\t\t\t<\/div>\n\t\t\t\t<div class=\"elementor-element elementor-element-d174ffb elementor-invisible elementor-widget elementor-widget-text-editor\" data-id=\"d174ffb\" data-element_type=\"widget\" data-e-type=\"widget\" data-settings=\"{&quot;_animation&quot;:&quot;zoomIn&quot;,&quot;_animation_delay&quot;:200}\" data-widget_type=\"text-editor.default\">\n\t\t\t\t\t\t\t\t\t<div class=\"et_pb_row et_pb_row_6 et_pb_equal_columns et_pb_gutters1\"><div class=\"et_pb_column et_pb_column_1_2 et_pb_column_11 et_pb_css_mix_blend_mode_passthrough et-last-child\"><div class=\"et_pb_module et_pb_text et_pb_text_8 et_pb_text_align_left et_pb_bg_layout_light\"><div class=\"et_pb_text_inner\"><p class=\"p2\">Oltre a una scrupolosa igiene orale, offriamo trattamenti di <b>sbiancamento dentale <\/b>per eliminare macchie e ingiallimenti, ripristinando il <b>bianco naturale <\/b>e la <b>luminosit\u00e0 <\/b>dei denti.<\/p><p class=\"p3\"><b>Sbiancamento in studio (professionale) <\/b><\/p><p class=\"p2\">Eseguito in clinica da un professionista. Usiamo <b>gel ad alta concentrazione <\/b>attivati da <b>luce LED\/laser <\/b>per accelerare il processo. Risultati <b>rapidi<\/b>, visibili gi\u00e0 dalla prima seduta, con <b>supervisione costante <\/b>per sicurezza ed efficacia.<\/p><p class=\"p3\"><b>Sbiancamento domiciliare (personalizzato) <\/b><\/p><p class=\"p2\">Per chi preferisce farlo a casa, forniamo <b>mascherine su misura <\/b>e un <b>gel a bassa concentrazione<\/b>. Istruzioni dettagliate per uno sbiancamento <b>graduale e controllato<\/b>, sempre con la nostra <b>supervisione<\/b>.<\/p><p class=\"p2\">Lo sbiancamento \u00e8 effettuato <b>dopo una seduta di igiene <\/b>e una valutazione clinica per indicazioni e aspettative realistiche.<\/p><\/div><\/div><\/div><\/div>\t\t\t\t\t\t\t\t<\/div>\n\t\t\t\t\t<\/div>\n\t\t\t\t<\/div>\n\t\t<div class=\"elementor-element elementor-element-257825f e-flex e-con-boxed wpr-particle-no wpr-jarallax-no wpr-parallax-no wpr-sticky-section-no wpr-column-slider-no wpr-equal-height-no elementor-invisible e-con e-child\" data-id=\"257825f\" data-element_type=\"container\" data-e-type=\"container\" data-settings=\"{&quot;animation&quot;:&quot;slideInRight&quot;}\">\n\t\t\t\t\t<div class=\"e-con-inner\">\n\t\t\t\t<div class=\"elementor-element elementor-element-20c683a elementor-widget elementor-widget-image\" data-id=\"20c683a\" data-element_type=\"widget\" data-e-type=\"widget\" data-widget_type=\"image.default\">\n\t\t\t\t\t\t\t\t\t\t\t\t\t\t\t<img loading=\"lazy\" decoding=\"async\" width=\"960\" height=\"640\" src=\"https:\/\/odontoiatriareali.it\/wp-content\/uploads\/2025\/09\/sbiancamento-1024x683.jpg\" class=\"attachment-large size-large wp-image-2180\" alt=\"\" srcset=\"https:\/\/odontoiatriareali.it\/wp-content\/uploads\/2025\/09\/sbiancamento-1024x683.jpg 1024w, https:\/\/odontoiatriareali.it\/wp-content\/uploads\/2025\/09\/sbiancamento-300x200.jpg 300w, https:\/\/odontoiatriareali.it\/wp-content\/uploads\/2025\/09\/sbiancamento-768x512.jpg 768w, https:\/\/odontoiatriareali.it\/wp-content\/uploads\/2025\/09\/sbiancamento-1536x1024.jpg 1536w, https:\/\/odontoiatriareali.it\/wp-content\/uploads\/2025\/09\/sbiancamento.jpg 1920w\" sizes=\"(max-width: 960px) 100vw, 960px\" \/>\t\t\t\t\t\t\t\t\t\t\t\t\t\t\t<\/div>\n\t\t\t\t\t<\/div>\n\t\t\t\t<\/div>\n\t\t\t\t\t<\/div>\n\t\t\t\t<\/div>\n\t\t<div class=\"elementor-element elementor-element-b146f3b e-con-full e-flex wpr-particle-no wpr-jarallax-no wpr-parallax-no wpr-sticky-section-no wpr-column-slider-no wpr-equal-height-no e-con e-parent\" data-id=\"b146f3b\" data-element_type=\"container\" data-e-type=\"container\" data-settings=\"{&quot;background_background&quot;:&quot;classic&quot;,&quot;shape_divider_bottom&quot;:&quot;opacity-fan&quot;}\">\n\t\t\t\t<div class=\"elementor-shape elementor-shape-bottom\" aria-hidden=\"true\" data-negative=\"false\">\n\t\t\t<svg xmlns=\"http:\/\/www.w3.org\/2000\/svg\" viewBox=\"0 0 283.5 19.6\" preserveAspectRatio=\"none\">\n\t<path class=\"elementor-shape-fill\" style=\"opacity:0.33\" d=\"M0 0L0 18.8 141.8 4.1 283.5 18.8 283.5 0z\"\/>\n\t<path class=\"elementor-shape-fill\" style=\"opacity:0.33\" d=\"M0 0L0 12.6 141.8 4 283.5 12.6 283.5 0z\"\/>\n\t<path class=\"elementor-shape-fill\" style=\"opacity:0.33\" d=\"M0 0L0 6.4 141.8 4 283.5 6.4 283.5 0z\"\/>\n\t<path class=\"elementor-shape-fill\" d=\"M0 0L0 1.2 141.8 4 283.5 1.2 283.5 0z\"\/>\n<\/svg>\t\t<\/div>\n\t\t<div class=\"elementor-element elementor-element-42d7b46 e-flex e-con-boxed wpr-particle-no wpr-jarallax-no wpr-parallax-no wpr-sticky-section-no wpr-column-slider-no wpr-equal-height-no e-con e-child\" data-id=\"42d7b46\" data-element_type=\"container\" data-e-type=\"container\">\n\t\t\t\t\t<div class=\"e-con-inner\">\n\t\t\t\t<div class=\"elementor-element elementor-element-396791c wpr-promo-box-style-cover elementor-invisible elementor-widget elementor-widget-wpr-promo-box\" data-id=\"396791c\" data-element_type=\"widget\" data-e-type=\"widget\" data-settings=\"{&quot;_animation&quot;:&quot;slideInUp&quot;}\" data-widget_type=\"wpr-promo-box.default\">\n\t\t\t\t\t\n\t\t<div class=\"wpr-promo-box wpr-animation-wrap\">\n\n\t\t\t\t\t\t\t\n\t\t\t\t\t\t\t<div class=\"wpr-promo-box-image\">\n\t\t\t\t\t<div class=\"wpr-promo-box-bg-image wpr-bg-anim-zoom-in wpr-anim-timing-ease-default\" style=\"background-image:url(https:\/\/odontoiatriareali.it\/wp-content\/uploads\/2025\/09\/orale.jpg);\"><\/div>\n\t\t\t\t\t<div class=\"wpr-promo-box-bg-overlay wpr-border-anim-none\"><\/div>\n\t\t\t\t<\/div>\n\t\t\t\t\t\t\n\t\t\t<div class=\"wpr-promo-box-content\">\n\n\t\t\t\t\t\t\t\t<div class=\"wpr-promo-box-icon\">\n\t\t\t\t\t\t\t\t\t<\/div>\n\t\t\t\t\n\t\t\t\t<h3 class=\"wpr-promo-box-title\"><span>Pulizia dentale professionale per gengive sane e un sorriso luminoso<\/span><\/h3>\n\t\t\t\t\t\t\t\t\t<div class=\"wpr-promo-box-description\">\n\t\t\t\t\t\t<p><p>Sbiancamento Dentale: Il Tuo Sorriso Pi\u00f9 Luminoso che Mai**<br \/>Un trattamento di sbiancamento professionale permette di rimuovere macchie e ingiallimento per un sorriso pi\u00f9 bianco e brillante. Utilizziamo tecniche sicure ed efficaci per risultati visibili sin dalla prima seduta.<\/p><\/p>\t\n\t\t\t\t\t<\/div>\t\t\t\t\t\t\n\t\t\t\t\n\t\t\t\t\t\t\t<\/div>\n\n\t\t\t\t\t<\/div>\n\n\t\t\t\t\t\t<\/div>\n\t\t\t\t\t<\/div>\n\t\t\t\t<\/div>\n\t\t\t\t<\/div>\n\t\t<div class=\"elementor-element elementor-element-33fadf6 e-flex e-con-boxed wpr-particle-no wpr-jarallax-no wpr-parallax-no wpr-sticky-section-no wpr-column-slider-no wpr-equal-height-no e-con e-parent\" data-id=\"33fadf6\" data-element_type=\"container\" data-e-type=\"container\">\n\t\t\t\t\t<div class=\"e-con-inner\">\n\t\t<div class=\"elementor-element elementor-element-3598f71 e-flex e-con-boxed wpr-particle-no wpr-jarallax-no wpr-parallax-no wpr-sticky-section-no wpr-column-slider-no wpr-equal-height-no elementor-invisible e-con e-child\" data-id=\"3598f71\" data-element_type=\"container\" data-e-type=\"container\" data-settings=\"{&quot;animation&quot;:&quot;zoomIn&quot;}\">\n\t\t\t\t\t<div class=\"e-con-inner\">\n\t\t\t\t<div class=\"elementor-element elementor-element-ca71282 wpr-advanced-accordion-icon-no-box elementor-widget elementor-widget-wpr-advanced-accordion\" data-id=\"ca71282\" data-element_type=\"widget\" data-e-type=\"widget\" data-settings=\"{&quot;active_item&quot;:1}\" data-widget_type=\"wpr-advanced-accordion.default\">\n\t\t\t\t\t\n            <div class=\"wpr-advanced-accordion\" data-accordion-type=\"accordion\" data-active-index=\"1\" data-accordion-trigger=\"click\" data-interaction-speed=\"0.4\">\n\n\t\t\t\n                \n\t\t\t\t\t<div class=\"wpr-accordion-item-wrap\">\n\t\t\t\t\t\t<button class=\"wpr-acc-button\">\n\t\t\t\t\t\t\t<span class=\"wpr-acc-item-title\">\n\t\t\t\t\t\t\t\t\t\t\t\t<span class=\"wpr-title-icon\">\n\t\t\t\t\t\t\t\t\t<\/span>\n\t\t\t\n\t\t\t\t\t\t\t\t<span class=\"wpr-acc-title-text\">La pulizia dei denti fa male?<\/span>\n\t\t\t\t\t\t\t<\/span>\n\t\t\t\t\t\t\t\t\t\t\t<span class=\"wpr-toggle-icon wpr-ti-close\"><svg aria-hidden=\"true\" class=\"e-font-icon-svg e-fas-caret-down\" viewBox=\"0 0 320 512\" xmlns=\"http:\/\/www.w3.org\/2000\/svg\"><path d=\"M31.3 192h257.3c17.8 0 26.7 21.5 14.1 34.1L174.1 354.8c-7.8 7.8-20.5 7.8-28.3 0L17.2 226.1C4.6 213.5 13.5 192 31.3 192z\"><\/path><\/svg><\/span>\n\t\t\t\t<span class=\"wpr-toggle-icon wpr-ti-open\"><svg aria-hidden=\"true\" class=\"e-font-icon-svg e-fas-caret-up\" viewBox=\"0 0 320 512\" xmlns=\"http:\/\/www.w3.org\/2000\/svg\"><path d=\"M288.662 352H31.338c-17.818 0-26.741-21.543-14.142-34.142l128.662-128.662c7.81-7.81 20.474-7.81 28.284 0l128.662 128.662c12.6 12.599 3.676 34.142-14.142 34.142z\"><\/path><\/svg><\/span>\n\t\t\t\t\t\t\t\t\t<\/button>\n\n\t\t\t\t\t\t<div class=\"wpr-acc-panel\">\n\t\t\t\t\t\t\t\t\t\t\t\t\t\t\t<div class=\"wpr-acc-panel-content\"><p class=\"p1\">Di solito no: usiamo potenza calibrata e strumenti delicati; per sensibilit\u00e0 importanti possiamo applicare <b>desensibilizzanti <\/b><\/p><\/div>\n\t\t\t\t\t\t\t\t\t\t\t\t\t<\/div>\n                    <\/div>\n\n                \n\t\t\t\t\t<div class=\"wpr-accordion-item-wrap\">\n\t\t\t\t\t\t<button class=\"wpr-acc-button\">\n\t\t\t\t\t\t\t<span class=\"wpr-acc-item-title\">\n\t\t\t\t\t\t\t\t\t\t\t\t<span class=\"wpr-title-icon\">\n\t\t\t\t\t\t\t\t\t<\/span>\n\t\t\t\n\t\t\t\t\t\t\t\t<span class=\"wpr-acc-title-text\">Perch\u00e9 sanguinano le gengive?<\/span>\n\t\t\t\t\t\t\t<\/span>\n\t\t\t\t\t\t\t\t\t\t\t<span class=\"wpr-toggle-icon wpr-ti-close\"><svg aria-hidden=\"true\" class=\"e-font-icon-svg e-fas-caret-down\" viewBox=\"0 0 320 512\" xmlns=\"http:\/\/www.w3.org\/2000\/svg\"><path d=\"M31.3 192h257.3c17.8 0 26.7 21.5 14.1 34.1L174.1 354.8c-7.8 7.8-20.5 7.8-28.3 0L17.2 226.1C4.6 213.5 13.5 192 31.3 192z\"><\/path><\/svg><\/span>\n\t\t\t\t<span class=\"wpr-toggle-icon wpr-ti-open\"><svg aria-hidden=\"true\" class=\"e-font-icon-svg e-fas-caret-up\" viewBox=\"0 0 320 512\" xmlns=\"http:\/\/www.w3.org\/2000\/svg\"><path d=\"M288.662 352H31.338c-17.818 0-26.741-21.543-14.142-34.142l128.662-128.662c7.81-7.81 20.474-7.81 28.284 0l128.662 128.662c12.6 12.599 3.676 34.142-14.142 34.142z\"><\/path><\/svg><\/span>\n\t\t\t\t\t\t\t\t\t<\/button>\n\n\t\t\t\t\t\t<div class=\"wpr-acc-panel\">\n\t\t\t\t\t\t\t\t\t\t\t\t\t\t\t<div class=\"wpr-acc-panel-content\"><p class=\"p1\">\u00c8 spesso un segno di <b>infiammazione <\/b>dovuta a placca. La seduta di igiene e le corrette abitudini domiciliari riducono il problema.<\/p><\/div>\n\t\t\t\t\t\t\t\t\t\t\t\t\t<\/div>\n                    <\/div>\n\n                \n\t\t\t\t\t<div class=\"wpr-accordion-item-wrap\">\n\t\t\t\t\t\t<button class=\"wpr-acc-button\">\n\t\t\t\t\t\t\t<span class=\"wpr-acc-item-title\">\n\t\t\t\t\t\t\t\t\t\t\t\t<span class=\"wpr-title-icon\">\n\t\t\t\t\t\t\t\t\t<\/span>\n\t\t\t\n\t\t\t\t\t\t\t\t<span class=\"wpr-acc-title-text\">Serve davvero l\u2019idropulsore\/filo?<\/span>\n\t\t\t\t\t\t\t<\/span>\n\t\t\t\t\t\t\t\t\t\t\t<span class=\"wpr-toggle-icon wpr-ti-close\"><svg aria-hidden=\"true\" class=\"e-font-icon-svg e-fas-caret-down\" viewBox=\"0 0 320 512\" xmlns=\"http:\/\/www.w3.org\/2000\/svg\"><path d=\"M31.3 192h257.3c17.8 0 26.7 21.5 14.1 34.1L174.1 354.8c-7.8 7.8-20.5 7.8-28.3 0L17.2 226.1C4.6 213.5 13.5 192 31.3 192z\"><\/path><\/svg><\/span>\n\t\t\t\t<span class=\"wpr-toggle-icon wpr-ti-open\"><svg aria-hidden=\"true\" class=\"e-font-icon-svg e-fas-caret-up\" viewBox=\"0 0 320 512\" xmlns=\"http:\/\/www.w3.org\/2000\/svg\"><path d=\"M288.662 352H31.338c-17.818 0-26.741-21.543-14.142-34.142l128.662-128.662c7.81-7.81 20.474-7.81 28.284 0l128.662 128.662c12.6 12.599 3.676 34.142-14.142 34.142z\"><\/path><\/svg><\/span>\n\t\t\t\t\t\t\t\t\t<\/button>\n\n\t\t\t\t\t\t<div class=\"wpr-acc-panel\">\n\t\t\t\t\t\t\t\t\t\t\t\t\t\t\t<div class=\"wpr-acc-panel-content\"><p class=\"p1\">Gli <b>spazi interdentali <\/b>sono fondamentali: scegliamo insieme filo o scovolini in base alla tua anatomia.<\/p><\/div>\n\t\t\t\t\t\t\t\t\t\t\t\t\t<\/div>\n                    <\/div>\n\n                \n\t\t\t\t\t<div class=\"wpr-accordion-item-wrap\">\n\t\t\t\t\t\t<button class=\"wpr-acc-button\">\n\t\t\t\t\t\t\t<span class=\"wpr-acc-item-title\">\n\t\t\t\t\t\t\t\t\t\t\t\t<span class=\"wpr-title-icon\">\n\t\t\t\t\t\t\t\t\t<\/span>\n\t\t\t\n\t\t\t\t\t\t\t\t<span class=\"wpr-acc-title-text\">Lo sbiancamento rovina i denti?<\/span>\n\t\t\t\t\t\t\t<\/span>\n\t\t\t\t\t\t\t\t\t\t\t<span class=\"wpr-toggle-icon wpr-ti-close\"><svg aria-hidden=\"true\" class=\"e-font-icon-svg e-fas-caret-down\" viewBox=\"0 0 320 512\" xmlns=\"http:\/\/www.w3.org\/2000\/svg\"><path d=\"M31.3 192h257.3c17.8 0 26.7 21.5 14.1 34.1L174.1 354.8c-7.8 7.8-20.5 7.8-28.3 0L17.2 226.1C4.6 213.5 13.5 192 31.3 192z\"><\/path><\/svg><\/span>\n\t\t\t\t<span class=\"wpr-toggle-icon wpr-ti-open\"><svg aria-hidden=\"true\" class=\"e-font-icon-svg e-fas-caret-up\" viewBox=\"0 0 320 512\" xmlns=\"http:\/\/www.w3.org\/2000\/svg\"><path d=\"M288.662 352H31.338c-17.818 0-26.741-21.543-14.142-34.142l128.662-128.662c7.81-7.81 20.474-7.81 28.284 0l128.662 128.662c12.6 12.599 3.676 34.142-14.142 34.142z\"><\/path><\/svg><\/span>\n\t\t\t\t\t\t\t\t\t<\/button>\n\n\t\t\t\t\t\t<div class=\"wpr-acc-panel\">\n\t\t\t\t\t\t\t\t\t\t\t\t\t\t\t<div class=\"wpr-acc-panel-content\"><p class=\"p1\">Se eseguito <b>professionalmente <\/b>e sulle giuste indicazioni, \u00e8 sicuro; prima \u00e8 sempre necessaria una <b>seduta di igiene<\/b>.<\/p><\/div>\n\t\t\t\t\t\t\t\t\t\t\t\t\t<\/div>\n                    <\/div>\n\n                            <\/div>\n        \t\t\t\t<\/div>\n\t\t\t\t\t<\/div>\n\t\t\t\t<\/div>\n\t\t\t\t\t<\/div>\n\t\t\t\t<\/div>\n\t\t\t\t<\/div>\n\t\t","protected":false},"excerpt":{"rendered":"<p>Igiene Orale La prevenzione inizia da una bocca pulita e sana. trattamento In cosa consiste L\u2019igiene dentale comprende tutte le procedure per rimuovere placca e tartaro, controllare il biofilm batterico e prevenire carie e malattie gengivali. \u00c8 il cardine dell\u2019odontoiatria responsabile: trattiamo e preveniamo proponendo solo ci\u00f2 che \u00e8 davvero necessario. trattamento Cosa facciamo \u25cf Visita igienistica e screening gengivale Valutazione di sanguinamento, profondit\u00e0 di sondaggio, indici di placca e tartaro, PSR\/periodontal screening quando indicato. \u25cf Detartrasi (scaling) e debridement Rimozione professionale di tartaro sopra e, nei casi indicati, sotto gengiva con ultrasuoni e strumenti manuali. \u25cf Rimozione del biofilm \/ Air polishing Pulizia con polveri specifiche per macchie e placca, delicata su smalto e tessuti. \u25cf Istruzioni di igiene personalizzate Scelta di spazzolino\/manico, tecniche di spazzolamento, filo\/interdentali, collutori: piano su misura e materiali consigliati. \u25cf Desensibilizzazione Trattamenti mirati per denti sensibili dovuti a recessioni o erosioni. \u25cf Terapia di mantenimento parodontale Richiami programmati nei pazienti con precedente malattia parodontale. trattamento Quanto spesso tornare La frequenza dei richiami dipende dal profilo di rischio (igiene, fumo, parodontite, impianti, diabete\u2026): in genere ogni 6 mesi, ma nei pazienti parodontali si consigliano intervalli 3\u20134 mesi. trattamento Guided Biofilm Therapy\u00ae (GBT\u00ae): cos\u2019\u00e8 e perch\u00e9 \u00e8 perfetta per te Una tecnica indolore e minimamente invasiva che rimuove placca e tartaro con massimo comfort, ideale per chi ha sensibilit\u00e0 o gengive infiammate. Vantaggi principali \u25cf Nessun dolore percepito nella maggior parte dei pazienti; \u25cf Minimamente invasiva: preserva denti, gengive e impianti; \u25cf Meno rumore: addio all\u2019ablatore tradizionale per molte fasi; \u25cf Compatibile con apparecchi ortodontici: aiuta a prevenire carie e iperplasia gengivale; \u25cf Prevenzione di gengiviti e parodontiti; \u25cf Migliore identificazione precoce di carie e aree a rischio. trattamento Sbiancamento dentale professionale: per un sorriso ancora pi\u00f9 luminoso Oltre a una scrupolosa igiene orale, offriamo trattamenti di sbiancamento dentale per eliminare macchie e ingiallimenti, ripristinando il bianco naturale e la luminosit\u00e0 dei denti. Sbiancamento in studio (professionale) Eseguito in clinica da un professionista. Usiamo gel ad alta concentrazione attivati da luce LED\/laser per accelerare il processo. Risultati rapidi, visibili gi\u00e0 dalla prima seduta, con supervisione costante per sicurezza ed efficacia. Sbiancamento domiciliare (personalizzato) Per chi preferisce farlo a casa, forniamo mascherine su misura e un gel a bassa concentrazione. Istruzioni dettagliate per uno sbiancamento graduale e controllato, sempre con la nostra supervisione. Lo sbiancamento \u00e8 effettuato dopo una seduta di igiene e una valutazione clinica per indicazioni e aspettative realistiche. Pulizia dentale professionale per gengive sane e un sorriso luminoso Sbiancamento Dentale: Il Tuo Sorriso Pi\u00f9 Luminoso che Mai**Un trattamento di sbiancamento professionale permette di rimuovere macchie e ingiallimento per un sorriso pi\u00f9 bianco e brillante. Utilizziamo tecniche sicure ed efficaci per risultati visibili sin dalla prima seduta. La pulizia dei denti fa male? Di solito no: usiamo potenza calibrata e strumenti delicati; per sensibilit\u00e0 importanti possiamo applicare desensibilizzanti Perch\u00e9 sanguinano le gengive? \u00c8 spesso un segno di infiammazione dovuta a placca. La seduta di igiene e le corrette abitudini domiciliari riducono il problema. Serve davvero l\u2019idropulsore\/filo? Gli spazi interdentali sono fondamentali: scegliamo insieme filo o scovolini in base alla tua anatomia. Lo sbiancamento rovina i denti? Se eseguito professionalmente e sulle giuste indicazioni, \u00e8 sicuro; prima \u00e8 sempre necessaria una seduta di igiene.<\/p>\n","protected":false},"author":1,"featured_media":0,"parent":0,"menu_order":0,"comment_status":"closed","ping_status":"closed","template":"elementor_canvas","meta":{"footnotes":""},"class_list":["post-1426","page","type-page","status-publish","hentry"],"yoast_head":"<!-- This site is optimized with the Yoast SEO plugin v28.2 - https:\/\/yoast.com\/product\/yoast-seo-wordpress\/ -->\n<title>igiene Orale - studio reali<\/title>\n<meta name=\"description\" content=\"Un\u2019igiene orale professionale regolare \u00e8 fondamentale per prevenire carie e malattie gengivali.\" \/>\n<meta name=\"robots\" content=\"index, follow, max-snippet:-1, max-image-preview:large, max-video-preview:-1\" \/>\n<link rel=\"canonical\" href=\"https:\/\/odontoiatriareali.it\/?page_id=1426\" \/>\n<meta property=\"og:locale\" content=\"it_IT\" \/>\n<meta property=\"og:type\" content=\"article\" \/>\n<meta property=\"og:title\" content=\"igiene Orale - studio reali\" \/>\n<meta property=\"og:description\" content=\"Un\u2019igiene orale professionale regolare \u00e8 fondamentale per prevenire carie e malattie gengivali.\" \/>\n<meta property=\"og:url\" content=\"https:\/\/odontoiatriareali.it\/?page_id=1426\" \/>\n<meta property=\"og:site_name\" content=\"studio reali\" \/>\n<meta property=\"article:modified_time\" content=\"2025-09-09T08:50:14+00:00\" \/>\n<meta property=\"og:image\" content=\"https:\/\/odontoiatriareali.it\/wp-content\/uploads\/2025\/09\/igiene-orale-denti-1024x683.jpg\" \/>\n<meta name=\"twitter:card\" content=\"summary_large_image\" \/>\n<meta name=\"twitter:label1\" content=\"Tempo di lettura stimato\" \/>\n\t<meta name=\"twitter:data1\" content=\"3 minuti\" \/>\n<script type=\"application\/ld+json\" class=\"yoast-schema-graph\">{\"@context\":\"https:\\\/\\\/schema.org\",\"@graph\":[{\"@type\":\"WebPage\",\"@id\":\"https:\\\/\\\/odontoiatriareali.it\\\/?page_id=1426\",\"url\":\"https:\\\/\\\/odontoiatriareali.it\\\/?page_id=1426\",\"name\":\"igiene Orale - studio reali\",\"isPartOf\":{\"@id\":\"https:\\\/\\\/odontoiatriareali.it\\\/#website\"},\"primaryImageOfPage\":{\"@id\":\"https:\\\/\\\/odontoiatriareali.it\\\/?page_id=1426#primaryimage\"},\"image\":{\"@id\":\"https:\\\/\\\/odontoiatriareali.it\\\/?page_id=1426#primaryimage\"},\"thumbnailUrl\":\"https:\\\/\\\/odontoiatriareali.it\\\/wp-content\\\/uploads\\\/2025\\\/09\\\/igiene-orale-denti-1024x683.jpg\",\"datePublished\":\"2025-03-25T16:38:46+00:00\",\"dateModified\":\"2025-09-09T08:50:14+00:00\",\"description\":\"Un\u2019igiene orale professionale regolare \u00e8 fondamentale per prevenire carie e malattie gengivali.\",\"breadcrumb\":{\"@id\":\"https:\\\/\\\/odontoiatriareali.it\\\/?page_id=1426#breadcrumb\"},\"inLanguage\":\"it-IT\",\"potentialAction\":[{\"@type\":\"ReadAction\",\"target\":[\"https:\\\/\\\/odontoiatriareali.it\\\/?page_id=1426\"]}]},{\"@type\":\"ImageObject\",\"inLanguage\":\"it-IT\",\"@id\":\"https:\\\/\\\/odontoiatriareali.it\\\/?page_id=1426#primaryimage\",\"url\":\"https:\\\/\\\/odontoiatriareali.it\\\/wp-content\\\/uploads\\\/2025\\\/09\\\/igiene-orale-denti.jpg\",\"contentUrl\":\"https:\\\/\\\/odontoiatriareali.it\\\/wp-content\\\/uploads\\\/2025\\\/09\\\/igiene-orale-denti.jpg\",\"width\":1920,\"height\":1280},{\"@type\":\"BreadcrumbList\",\"@id\":\"https:\\\/\\\/odontoiatriareali.it\\\/?page_id=1426#breadcrumb\",\"itemListElement\":[{\"@type\":\"ListItem\",\"position\":1,\"name\":\"Home\",\"item\":\"https:\\\/\\\/odontoiatriareali.it\\\/\"},{\"@type\":\"ListItem\",\"position\":2,\"name\":\"igiene Orale\"}]},{\"@type\":\"WebSite\",\"@id\":\"https:\\\/\\\/odontoiatriareali.it\\\/#website\",\"url\":\"https:\\\/\\\/odontoiatriareali.it\\\/\",\"name\":\"studio reali\",\"description\":\"odontoiatria - impantologia avanzata - medina estetica\",\"publisher\":{\"@id\":\"https:\\\/\\\/odontoiatriareali.it\\\/#organization\"},\"potentialAction\":[{\"@type\":\"SearchAction\",\"target\":{\"@type\":\"EntryPoint\",\"urlTemplate\":\"https:\\\/\\\/odontoiatriareali.it\\\/?s={search_term_string}\"},\"query-input\":{\"@type\":\"PropertyValueSpecification\",\"valueRequired\":true,\"valueName\":\"search_term_string\"}}],\"inLanguage\":\"it-IT\"},{\"@type\":\"Organization\",\"@id\":\"https:\\\/\\\/odontoiatriareali.it\\\/#organization\",\"name\":\"studio reali\",\"url\":\"https:\\\/\\\/odontoiatriareali.it\\\/\",\"logo\":{\"@type\":\"ImageObject\",\"inLanguage\":\"it-IT\",\"@id\":\"https:\\\/\\\/odontoiatriareali.it\\\/#\\\/schema\\\/logo\\\/image\\\/\",\"url\":\"https:\\\/\\\/odontoiatriareali.it\\\/wp-content\\\/uploads\\\/2025\\\/02\\\/cropped-cropped-Logo.png\",\"contentUrl\":\"https:\\\/\\\/odontoiatriareali.it\\\/wp-content\\\/uploads\\\/2025\\\/02\\\/cropped-cropped-Logo.png\",\"width\":512,\"height\":512,\"caption\":\"studio reali\"},\"image\":{\"@id\":\"https:\\\/\\\/odontoiatriareali.it\\\/#\\\/schema\\\/logo\\\/image\\\/\"}}]}<\/script>\n<!-- \/ Yoast SEO plugin. -->","yoast_head_json":{"title":"igiene Orale - studio reali","description":"Un\u2019igiene orale professionale regolare \u00e8 fondamentale per prevenire carie e malattie gengivali.","robots":{"index":"index","follow":"follow","max-snippet":"max-snippet:-1","max-image-preview":"max-image-preview:large","max-video-preview":"max-video-preview:-1"},"canonical":"https:\/\/odontoiatriareali.it\/?page_id=1426","og_locale":"it_IT","og_type":"article","og_title":"igiene Orale - studio reali","og_description":"Un\u2019igiene orale professionale regolare \u00e8 fondamentale per prevenire carie e malattie gengivali.","og_url":"https:\/\/odontoiatriareali.it\/?page_id=1426","og_site_name":"studio reali","article_modified_time":"2025-09-09T08:50:14+00:00","og_image":[{"url":"https:\/\/odontoiatriareali.it\/wp-content\/uploads\/2025\/09\/igiene-orale-denti-1024x683.jpg","type":"","width":"","height":""}],"twitter_card":"summary_large_image","twitter_misc":{"Tempo di lettura stimato":"3 minuti"},"schema":{"@context":"https:\/\/schema.org","@graph":[{"@type":"WebPage","@id":"https:\/\/odontoiatriareali.it\/?page_id=1426","url":"https:\/\/odontoiatriareali.it\/?page_id=1426","name":"igiene Orale - studio reali","isPartOf":{"@id":"https:\/\/odontoiatriareali.it\/#website"},"primaryImageOfPage":{"@id":"https:\/\/odontoiatriareali.it\/?page_id=1426#primaryimage"},"image":{"@id":"https:\/\/odontoiatriareali.it\/?page_id=1426#primaryimage"},"thumbnailUrl":"https:\/\/odontoiatriareali.it\/wp-content\/uploads\/2025\/09\/igiene-orale-denti-1024x683.jpg","datePublished":"2025-03-25T16:38:46+00:00","dateModified":"2025-09-09T08:50:14+00:00","description":"Un\u2019igiene orale professionale regolare \u00e8 fondamentale per prevenire carie e malattie gengivali.","breadcrumb":{"@id":"https:\/\/odontoiatriareali.it\/?page_id=1426#breadcrumb"},"inLanguage":"it-IT","potentialAction":[{"@type":"ReadAction","target":["https:\/\/odontoiatriareali.it\/?page_id=1426"]}]},{"@type":"ImageObject","inLanguage":"it-IT","@id":"https:\/\/odontoiatriareali.it\/?page_id=1426#primaryimage","url":"https:\/\/odontoiatriareali.it\/wp-content\/uploads\/2025\/09\/igiene-orale-denti.jpg","contentUrl":"https:\/\/odontoiatriareali.it\/wp-content\/uploads\/2025\/09\/igiene-orale-denti.jpg","width":1920,"height":1280},{"@type":"BreadcrumbList","@id":"https:\/\/odontoiatriareali.it\/?page_id=1426#breadcrumb","itemListElement":[{"@type":"ListItem","position":1,"name":"Home","item":"https:\/\/odontoiatriareali.it\/"},{"@type":"ListItem","position":2,"name":"igiene Orale"}]},{"@type":"WebSite","@id":"https:\/\/odontoiatriareali.it\/#website","url":"https:\/\/odontoiatriareali.it\/","name":"studio reali","description":"odontoiatria - impantologia avanzata - medina estetica","publisher":{"@id":"https:\/\/odontoiatriareali.it\/#organization"},"potentialAction":[{"@type":"SearchAction","target":{"@type":"EntryPoint","urlTemplate":"https:\/\/odontoiatriareali.it\/?s={search_term_string}"},"query-input":{"@type":"PropertyValueSpecification","valueRequired":true,"valueName":"search_term_string"}}],"inLanguage":"it-IT"},{"@type":"Organization","@id":"https:\/\/odontoiatriareali.it\/#organization","name":"studio reali","url":"https:\/\/odontoiatriareali.it\/","logo":{"@type":"ImageObject","inLanguage":"it-IT","@id":"https:\/\/odontoiatriareali.it\/#\/schema\/logo\/image\/","url":"https:\/\/odontoiatriareali.it\/wp-content\/uploads\/2025\/02\/cropped-cropped-Logo.png","contentUrl":"https:\/\/odontoiatriareali.it\/wp-content\/uploads\/2025\/02\/cropped-cropped-Logo.png","width":512,"height":512,"caption":"studio reali"},"image":{"@id":"https:\/\/odontoiatriareali.it\/#\/schema\/logo\/image\/"}}]}},"_links":{"self":[{"href":"https:\/\/odontoiatriareali.it\/index.php?rest_route=\/wp\/v2\/pages\/1426","targetHints":{"allow":["GET"]}}],"collection":[{"href":"https:\/\/odontoiatriareali.it\/index.php?rest_route=\/wp\/v2\/pages"}],"about":[{"href":"https:\/\/odontoiatriareali.it\/index.php?rest_route=\/wp\/v2\/types\/page"}],"author":[{"embeddable":true,"href":"https:\/\/odontoiatriareali.it\/index.php?rest_route=\/wp\/v2\/users\/1"}],"replies":[{"embeddable":true,"href":"https:\/\/odontoiatriareali.it\/index.php?rest_route=%2Fwp%2Fv2%2Fcomments&post=1426"}],"version-history":[{"count":55,"href":"https:\/\/odontoiatriareali.it\/index.php?rest_route=\/wp\/v2\/pages\/1426\/revisions"}],"predecessor-version":[{"id":2350,"href":"https:\/\/odontoiatriareali.it\/index.php?rest_route=\/wp\/v2\/pages\/1426\/revisions\/2350"}],"wp:attachment":[{"href":"https:\/\/odontoiatriareali.it\/index.php?rest_route=%2Fwp%2Fv2%2Fmedia&parent=1426"}],"curies":[{"name":"wp","href":"https:\/\/api.w.org\/{rel}","templated":true}]}}